{"id":7681,"date":"2024-07-16T10:07:18","date_gmt":"2024-07-16T14:07:18","guid":{"rendered":"https:\/\/aveloquebec.ca\/info-reseau\/"},"modified":"2026-08-28T14:49:12","modified_gmt":"2026-08-28T18:49:12","slug":"network-info","status":"publish","type":"page","link":"https:\/\/aveloquebec.ca\/en\/network-info\/","title":{"rendered":"Network Info"},"content":{"rendered":"\n\n\t<h1>Network Info<\/h1>\n<p>Plan your trips by staying informed of temporary or extended service changes.<\/p>\n<p>&nbsp;<\/p>\n<p><em>Note : This page is updated by our teams when work is scheduled on the network, and the information published here is subject to change. For real\u2011time information, we invite you to consult the station map.<\/em><\/p>\n\t\t\t\t\t<a href=\"#\" id=\"fl-accordion--label-0\" tabindex=\"0\" aria-controls=\"fl-accordion--panel-0\">August 28, 2026: Relocation of ULaval &#8211; Charles-De Koninck station<\/a>\n\t\t\t\t\t\t\t\t\t\t\t<a href=\"#\" id=\"fl-accordion--icon-0\" tabindex=\"-1\"><i title=\"Expand\">Expand<\/i><\/a>\n<p>The ULaval &#8211; Charles-De Koninck station will be moved about 175\u202fm south of the Sciences-Humaines walkway, on the side of the Jean-Charles-Bonenfant building. This relocation will allow us to increase the capacity of the express station area in order to better meet transportation needs ahead of the start of the fall semester. A pilot maintenance and repair unit project will also allow bikes to be fixed right on site to improve bike availability in the Cit\u00e9-Universitaire area.<\/p>\n<p>&nbsp;<\/p>\n<p>The relocation will take place late Friday morning, August 28. Service at this station will therefore be interrupted for a part of the day. To locate the new station location on the network once it reopens, visit the <a href=\"https:\/\/aveloquebec.ca\/en\/stations\/\">Stations page<\/a>.<\/p>\n\t\t\t\t\t<a href=\"#\" id=\"fl-accordion--label-1\" tabindex=\"0\" aria-controls=\"fl-accordion--panel-1\">August 27, 2026: Relocation of C\u00e9gep Limoilou &#8211; Charlesbourg station<\/a>\n\t\t\t\t\t\t\t\t\t\t\t<a href=\"#\" id=\"fl-accordion--icon-1\" tabindex=\"-1\"><i title=\"Expand\">Expand<\/i><\/a>\n<p>The C\u00e9gep Limoilou &#8211; Charlesbourg station will be moved back to its original location, near the main entrance of the C\u00e9gep, since construction work is done. The relocation will take place in the early afternoon on August 27. Service at this station will therefore be interrupted for a part of the day. To locate the station on the network once it reopens, visit the <a href=\"https:\/\/aveloquebec.ca\/en\/stations\/\">Stations page<\/a>.<\/p>\n\t\t\t\t\t<a href=\"#\" id=\"fl-accordion--label-2\" tabindex=\"0\" aria-controls=\"fl-accordion--panel-2\">August 10, 2026: Relocation of De Pr\u00e9vel \/ Quatre-Bourgeois station<\/a>\n\t\t\t\t\t\t\t\t\t\t\t<a href=\"#\" id=\"fl-accordion--icon-2\" tabindex=\"-1\"><i title=\"Expand\">Expand<\/i><\/a>\n<p>De Pr\u00e9vel \/ Quatre-Bourgeois station has been relocated in the turn loop of De Pr\u00e9vel street a few meters from its inital location due to construction work planed nearby.<\/p>\n<p>&nbsp;<\/p>\n<p>Check the <a href=\"https:\/\/aveloquebec.ca\/en\/stations\/\">interactive map<\/a> to verify its real time status and its new location.<\/p>\n\t\t\t\t\t<a href=\"#\" id=\"fl-accordion--label-3\" tabindex=\"0\" aria-controls=\"fl-accordion--panel-3\">August 3, 2026: Inaccessible docks expected in the coming weeks at De la Canardi\u00e8re \/ 4e Avenue station<\/a>\n\t\t\t\t\t\t\t\t\t\t\t<a href=\"#\" id=\"fl-accordion--icon-3\" tabindex=\"-1\"><i title=\"Expand\">Expand<\/i><\/a>\n<p>Some docks at De la Canardi\u00e8re \/ 4e Avenue station might not be accessible over the next few weeks due to construction work for the <a href=\"https:\/\/www.ville.quebec.qc.ca\/citoyens\/mobilite\/active\/corridors\/4e-avenue.aspx\" target=\"_blank\" rel=\"noopener\">CVC 4e Avenue project<\/a>. <\/p>\n<p>&nbsp;<\/p>\n<p>If that is the case, inaccessible docks will be marked with a cover and will no longer be shown in the mobile app. Check the <a href=\"https:\/\/aveloquebec.ca\/en\/stations\/\">interactive map<\/a> to see in real time which bikes and docks are available or to find other nearby stations, since this station might fill up or empty out more quickly than usual.<\/p>\n\t\t\t\t\t<a href=\"#\" id=\"fl-accordion--label-4\" tabindex=\"0\" aria-controls=\"fl-accordion--panel-4\">July 21, 2026: Closure of the Plains of Abraham temporary station<\/a>\n\t\t\t\t\t\t\t\t\t\t\t<a href=\"#\" id=\"fl-accordion--icon-4\" tabindex=\"-1\"><i title=\"Expand\">Expand<\/i><\/a>\n<p>The temporary station at the Plains of Abraham that was installed for the Festival d&#8217;\u00e9t\u00e9 de Qu\u00e9bec will be closed on July 21 during the day. Check the <a href=\"https:\/\/aveloquebec.ca\/en\/stations\/\">interactive map<\/a> to see when it will be out of service or to locate other stations nearby:<\/p>\n<p><img loading=\"lazy\" decoding=\"async\" src=\"https:\/\/aveloquebec.ca\/wp-content\/uploads\/2026\/06\/jauge_a_venir.webp\" alt=\"\" width=\"18\" height=\"24\" \/> : station out of service<\/p>\n<p><a href=\"https:\/\/aveloquebec.ca\/wp-content\/uploads\/2026\/06\/jauge_en_service.webp\"><img loading=\"lazy\" decoding=\"async\" src=\"https:\/\/aveloquebec.ca\/wp-content\/uploads\/2026\/06\/jauge_en_service.webp\" alt=\"\" width=\"18\" height=\"24\" \/><\/a> : station in service<\/p>\n<p>&nbsp;<\/p>\n\t\t\t\t\t<a href=\"#\" id=\"fl-accordion--label-5\" tabindex=\"0\" aria-controls=\"fl-accordion--panel-5\">July 17, 2026: Relocation of the 42e Rue E. \/ 4e Avenue E. station<\/a>\n\t\t\t\t\t\t\t\t\t\t\t<a href=\"#\" id=\"fl-accordion--icon-5\" tabindex=\"-1\"><i title=\"Expand\">Expand<\/i><\/a>\n<p>The 42e Rue E. \/ 4e Avenue E. station will be relocated closer to 4e Avenue, about 50 meters from its inital location, since construction work on 4e Avenue has been completed.<\/p>\n<p>&nbsp;<\/p>\n<p>Check the <a href=\"https:\/\/aveloquebec.ca\/en\/stations\/\">interactive map<\/a> to verify its real time status and its new location.<\/p>\n\t\t\t\t\t<a href=\"#\" id=\"fl-accordion--label-6\" tabindex=\"0\" aria-controls=\"fl-accordion--panel-6\">July 9-19, 2026: Opening of the temporary Plains of Abraham station and drop-off for the Festival d&#8217;\u00e9t\u00e9 de Qu\u00e9bec<\/a>\n\t\t\t\t\t\t\t\t\t\t\t<a href=\"#\" id=\"fl-accordion--icon-6\" tabindex=\"-1\"><i title=\"Expand\">Expand<\/i><\/a>\n<p>The temporary Plains of Abraham station will return this year from July 9 to 19, with a drop-off area every evening from 4:00 p.m. to make it easier for you to access the festival sites. For more details, <a href=\"https:\/\/aveloquebec.ca\/en\/feq\/\">please visit our FEQ page<\/a>.<\/p>\n<p>&nbsp;<\/p>\n<p>When the drop-off station is in service, the station will be marked with the\ud83d\udc64icon on the app as well as on the website&#8217;s <a href=\"https:\/\/aveloquebec.ca\/en\/stations\/\">interactive map<\/a>.<\/p>\n\t\t\t\t\t<a href=\"#\" id=\"fl-accordion--label-7\" tabindex=\"0\" aria-controls=\"fl-accordion--panel-7\">July 3, 2026: Temporary drop-off at ExpoCit\u00e9 &#8211; Place Jean-B\u00e9liveau station for the Orchestre symphonique de Qu\u00e9bec concert<\/a>\n\t\t\t\t\t\t\t\t\t\t\t<a href=\"#\" id=\"fl-accordion--icon-7\" tabindex=\"-1\"><i title=\"Expand\">Expand<\/i><\/a>\n<p>On the occasion of the Orchestre symphonique de Qu\u00e9bec concert, a temporary drop-off station will be in service at ExpoCit\u00e9 &#8211; Place Jean-B\u00e9liveau Station on July 3 at 5:00 p.m. It will remain open until no bikes remain at the station later that evening. Staff will be on site to ensure smooth bike redistribution and maximize dock availability upon your arrival at the ExpoCit\u00e9 site.<\/p>\n<p>&nbsp;<\/p>\n<p>When the drop-off station is in service, the station will be marked with the\ud83d\udc64icon on the app as well as on the website&#8217;s <a href=\"https:\/\/aveloquebec.ca\/en\/stations\/\">interactive map<\/a>.<\/p>\n\t\t\t\t\t<a href=\"#\" id=\"fl-accordion--label-8\" tabindex=\"0\" aria-controls=\"fl-accordion--panel-8\">June 25 to 29, 2026: Temporary closure of the Espace Quatre Cents and Bassin Louise stations <\/a>\n\t\t\t\t\t\t\t\t\t\t\t<a href=\"#\" id=\"fl-accordion--icon-8\" tabindex=\"-1\"><i title=\"Expand\">Expand<\/i><\/a>\n\t\t\t\t\t<p>Due to the <a href=\"https:\/\/capquebec.com\/en\/\">Challenge Cap Qu\u00e9bec Triathlon<\/a> event, the Espace Quatre Cents and Bassin Louise stations will be temporarily closed from the afternoon of Thursday June 25 until the morning of Monday June 29. This closure is necessary to secure the departure and arrival zones of the event. Before heading to one of these stations, please check its status on the <a href=\"https:\/\/aveloquebec.ca\/en\/stations\/\">map on the website<\/a> or in the \u00e0V\u00e9lo app.<\/p>\n<p>&nbsp;<\/p>\n<p>To find nearby stations in the meantime, visit the <a href=\"https:\/\/aveloquebec.ca\/en\/stations\/\">Stations page<\/a>.<\/p>\n\t\t\t\t\t<a href=\"#\" id=\"fl-accordion--label-9\" tabindex=\"0\" aria-controls=\"fl-accordion--panel-9\">June 23, 2026: Relocation and reopening of Parc Victoria &#8211; De la Mar\u00e9chauss\u00e9e Station<\/a>\n\t\t\t\t\t\t\t\t\t\t\t<a href=\"#\" id=\"fl-accordion--icon-9\" tabindex=\"-1\"><i title=\"Expand\">Expand<\/i><\/a>\n<p>The Parc Victoria &#8211; De la Mar\u00e9chauss\u00e9e station will be relocated due to the demolition work on the Adrien-Pouliot footbridge and it will be put back into service by tomorrow. It will be temporarily located in the <em>cul-de-sac<\/em> on des Embarcations Street. Check the <a href=\"https:\/\/aveloquebec.ca\/en\/stations\/\">interactive map<\/a> to see when it will be in service:<\/p>\n<p><img loading=\"lazy\" decoding=\"async\" src=\"https:\/\/aveloquebec.ca\/wp-content\/uploads\/2026\/06\/jauge_a_venir.webp\" alt=\"\" width=\"18\" height=\"24\" \/> : station out of service<\/p>\n<p><a href=\"https:\/\/aveloquebec.ca\/wp-content\/uploads\/2026\/06\/jauge_en_service.webp\"><img loading=\"lazy\" decoding=\"async\" src=\"https:\/\/aveloquebec.ca\/wp-content\/uploads\/2026\/06\/jauge_en_service.webp\" alt=\"\" width=\"18\" height=\"24\" \/><\/a> : station in service<\/p>\n<p>&nbsp;<\/p>\n\t\t\t\t\t<a href=\"#\" id=\"fl-accordion--label-10\" tabindex=\"0\" aria-controls=\"fl-accordion--panel-10\">June 23, 2026: Opening of the Traverse Station<\/a>\n\t\t\t\t\t\t\t\t\t\t\t<a href=\"#\" id=\"fl-accordion--icon-10\" tabindex=\"-1\"><i title=\"Expand\">Expand<\/i><\/a>\n<p>The Traverse station will open today. Check the <a href=\"https:\/\/aveloquebec.ca\/en\/stations\/\">interactive map<\/a> to see when it will be in service:<\/p>\n<p><img loading=\"lazy\" decoding=\"async\" src=\"https:\/\/aveloquebec.ca\/wp-content\/uploads\/2026\/06\/jauge_a_venir.webp\" alt=\"\" width=\"18\" height=\"24\" \/> : station out of service<\/p>\n<p><a href=\"https:\/\/aveloquebec.ca\/wp-content\/uploads\/2026\/06\/jauge_en_service.webp\"><img loading=\"lazy\" decoding=\"async\" src=\"https:\/\/aveloquebec.ca\/wp-content\/uploads\/2026\/06\/jauge_en_service.webp\" alt=\"\" width=\"18\" height=\"24\" \/><\/a> : station in service<\/p>\n<p>&nbsp;<\/p>\n\t\t\t\t\t<a href=\"#\" id=\"fl-accordion--label-11\" tabindex=\"0\" aria-controls=\"fl-accordion--panel-11\">June 23, 2026: Relocation of De la Canardi\u00e8re \/ 4e Avenue Station  <\/a>\n\t\t\t\t\t\t\t\t\t\t\t<a href=\"#\" id=\"fl-accordion--icon-11\" tabindex=\"-1\"><i title=\"Expand\">Expand<\/i><\/a>\n<p>De la Canardi\u00e8re \/ 4e Avenue station will be relocated today due to construction work scheduled on 4e Avenue. It will be moved a few meters from its current location. Check the <a href=\"https:\/\/aveloquebec.ca\/en\/stations\/\">interactive map<\/a> to see when it will be in service:<\/p>\n<p><img loading=\"lazy\" decoding=\"async\" src=\"https:\/\/aveloquebec.ca\/wp-content\/uploads\/2026\/06\/jauge_a_venir.webp\" alt=\"\" width=\"18\" height=\"24\" \/> : station out of service<\/p>\n<p><a href=\"https:\/\/aveloquebec.ca\/wp-content\/uploads\/2026\/06\/jauge_en_service.webp\"><img loading=\"lazy\" decoding=\"async\" src=\"https:\/\/aveloquebec.ca\/wp-content\/uploads\/2026\/06\/jauge_en_service.webp\" alt=\"\" width=\"18\" height=\"24\" \/><\/a> : station in service<\/p>\n<p>&nbsp;<\/p>\n\t\t\t\t\t<a href=\"#\" id=\"fl-accordion--label-12\" tabindex=\"0\" aria-controls=\"fl-accordion--panel-12\">June 18, 2026: Removal of the Parc Victoria &#8211; De la Mar\u00e9chauss\u00e9e Station<\/a>\n\t\t\t\t\t\t\t\t\t\t\t<a href=\"#\" id=\"fl-accordion--icon-12\" tabindex=\"-1\"><i title=\"Expand\">Expand<\/i><\/a>\n<p>The Parc Victoria \/ De la Mar\u00e9chauss\u00e9e station will be removed on the morning of June 18 due to the demolition work on the Adrien-Pouliot footbridge. Check the <a href=\"https:\/\/aveloquebec.ca\/en\/stations\/\">interactive map<\/a> to see when it will go out of service:<\/p>\n<p><img loading=\"lazy\" decoding=\"async\" src=\"https:\/\/aveloquebec.ca\/wp-content\/uploads\/2026\/06\/jauge_a_venir.webp\" alt=\"\" width=\"18\" height=\"24\" \/> : station out of service<\/p>\n<p><a href=\"https:\/\/aveloquebec.ca\/wp-content\/uploads\/2026\/06\/jauge_en_service.webp\"><img loading=\"lazy\" decoding=\"async\" src=\"https:\/\/aveloquebec.ca\/wp-content\/uploads\/2026\/06\/jauge_en_service.webp\" alt=\"\" width=\"18\" height=\"24\" \/><\/a> : station in service<\/p>\n<p>&nbsp;<\/p>\n\t\t\t\t\t<a href=\"#\" id=\"fl-accordion--label-13\" tabindex=\"0\" aria-controls=\"fl-accordion--panel-13\">June 16, 2026: Opening of the Parc Richelieu station<\/a>\n\t\t\t\t\t\t\t\t\t\t\t<a href=\"#\" id=\"fl-accordion--icon-13\" tabindex=\"-1\"><i title=\"Expand\">Expand<\/i><\/a>\n\t\t\t\t\t<p>The Parc Richelieu station is now in service. To locate it on the network, visit the <a href=\"https:\/\/aveloquebec.ca\/en\/stations\/\">Stations page<\/a>.<\/p>\n\t\t\t\t\t<a href=\"#\" id=\"fl-accordion--label-14\" tabindex=\"0\" aria-controls=\"fl-accordion--panel-14\">June 16, 2026: Parc Saint-Matthew station &#8211; temporary closure in the morning<\/a>\n\t\t\t\t\t\t\t\t\t\t\t<a href=\"#\" id=\"fl-accordion--icon-14\" tabindex=\"-1\"><i title=\"Expand\">Expand<\/i><\/a>\n\t\t\t\t\t<p>Due to construction work at the Claire-Martin Library, the Parc Saint-Matthew station will be temporarily closed on Tuesday, June 16 in the morning. The station is expected to be closed between 7 a.m. and 8 a.m. until early afternoon. Before heading to the station, check its status on the <a href=\"https:\/\/aveloquebec.ca\/en\/stations\/\">map on the website<\/a> or in the \u00e0V\u00e9lo app.<\/p>\n<p>&nbsp;<\/p>\n<p>The reopening date will be announced on the Network Info page. To find nearby stations in the meantime, visit the <a href=\"https:\/\/aveloquebec.ca\/en\/stations\/\">Stations page<\/a>.<\/p>\n\t\t\t\t\t<a href=\"#\" id=\"fl-accordion--label-15\" tabindex=\"0\" aria-controls=\"fl-accordion--panel-15\">June 15, 2026: Parc \u00c9vang\u00e9line station &#8211; Temporary interruption<\/a>\n\t\t\t\t\t\t\t\t\t\t\t<a href=\"#\" id=\"fl-accordion--icon-15\" tabindex=\"-1\"><i title=\"Expand\">Expand<\/i><\/a>\n<p>The Parc \u00c9vang\u00e9line station is out of service due to a connection problem. Our teams on the ground are doing their best to fix the situation as quickly as possible.<\/p>\n<p>&nbsp;<\/p>\n<p>To find nearby stations in the meantime, visit the <a href=\"https:\/\/aveloquebec.ca\/en\/stations\/\">Stations page<\/a>.<\/p>\n<p>&nbsp;<\/p>\n\t\t\t\t\t<a href=\"#\" id=\"fl-accordion--label-16\" tabindex=\"0\" aria-controls=\"fl-accordion--panel-16\">June 15, 2026: Reopening of the 3e Avenue \/ 8e Rue station<\/a>\n\t\t\t\t\t\t\t\t\t\t\t<a href=\"#\" id=\"fl-accordion--icon-16\" tabindex=\"-1\"><i title=\"Expand\">Expand<\/i><\/a>\n<p>The 3e Avenue \/ 8e Rue station has been back in service since this morning. To locate it on the network, visit the <a href=\"https:\/\/aveloquebec.ca\/en\/stations\/\">Stations page<\/a>.<\/p>\n\t\t\t\t\t<a href=\"#\" id=\"fl-accordion--label-17\" tabindex=\"0\" aria-controls=\"fl-accordion--panel-17\">June 15, 2026: Reopening of the P\u00e8re-Marquette \/ De Manr\u00e8se station<\/a>\n\t\t\t\t\t\t\t\t\t\t\t<a href=\"#\" id=\"fl-accordion--icon-17\" tabindex=\"-1\"><i title=\"Expand\">Expand<\/i><\/a>\n<p>The P\u00e8re-Marquette \/ De Manr\u00e8se station has been back in service since this morning. To locate it on the network, visit the <a href=\"https:\/\/aveloquebec.ca\/en\/stations\/\">Stations page<\/a>.<\/p>\n\t\t\t\t\t<a href=\"#\" id=\"fl-accordion--label-18\" tabindex=\"0\" aria-controls=\"fl-accordion--panel-18\">June 11, 2026: Opening of the Georges-Cloutier \/ Des Cheminots station<\/a>\n\t\t\t\t\t\t\t\t\t\t\t<a href=\"#\" id=\"fl-accordion--icon-18\" tabindex=\"-1\"><i title=\"Expand\">Expand<\/i><\/a>\n<p>The Georges-Cloutier \/ Des Cheminots Station is now in service. To locate it on the network, visit the <a href=\"https:\/\/aveloquebec.ca\/en\/stations\/\">Stations page<\/a>. <\/p>\n\t\t\t\t\t<a href=\"#\" id=\"fl-accordion--label-19\" tabindex=\"0\" aria-controls=\"fl-accordion--panel-19\">June 9, 2026: P\u00e8re\u2011Marquette \/ De Manr\u00e8se station &#8211; Temporary closure<\/a>\n\t\t\t\t\t\t\t\t\t\t\t<a href=\"#\" id=\"fl-accordion--icon-19\" tabindex=\"-1\"><i title=\"Expand\">Expand<\/i><\/a>\n\t\t\t\t\t<p>Due to roadwork, the P\u00e8re\u2011Marquette \/ De Manr\u00e8se station will be temporarily closed starting June 9. It will be put back into service during the day on June 15.<\/p>\n<p>&nbsp;<\/p>\n<p>The reopening date will be announced on the Network Info page. To find nearby stations in the meantime, visit the <a href=\"https:\/\/aveloquebec.ca\/en\/stations\/\">Stations page<\/a>.<\/p>\n\t\t\t\t\t<a href=\"#\" id=\"fl-accordion--label-20\" tabindex=\"0\" aria-controls=\"fl-accordion--panel-20\">June 8, 2026: Opening of the Wilfrid-Laurier \/ Galipeault station<\/a>\n\t\t\t\t\t\t\t\t\t\t\t<a href=\"#\" id=\"fl-accordion--icon-20\" tabindex=\"-1\"><i title=\"Expand\">Expand<\/i><\/a>\n<p>The Wilfrid-Laurier \/ Galipeault station will open today. Check the <a href=\"https:\/\/aveloquebec.ca\/en\/stations\/\">interactive map<\/a> to see when it will be in service:<\/p>\n<p><img loading=\"lazy\" decoding=\"async\" src=\"https:\/\/aveloquebec.ca\/wp-content\/uploads\/2026\/06\/jauge_a_venir.webp\" alt=\"\" width=\"18\" height=\"24\" \/> : station out of service<\/p>\n<p><a href=\"https:\/\/aveloquebec.ca\/wp-content\/uploads\/2026\/06\/jauge_en_service.webp\"><img loading=\"lazy\" decoding=\"async\" src=\"https:\/\/aveloquebec.ca\/wp-content\/uploads\/2026\/06\/jauge_en_service.webp\" alt=\"\" width=\"18\" height=\"24\" \/><\/a> : station in service<\/p>\n<p>&nbsp;<\/p>\n\t\t\t\t\t<a href=\"#\" id=\"fl-accordion--label-21\" tabindex=\"0\" aria-controls=\"fl-accordion--panel-21\">June 4, 2026: Reopening of Parc Saint-Matthew station<\/a>\n\t\t\t\t\t\t\t\t\t\t\t<a href=\"#\" id=\"fl-accordion--icon-21\" tabindex=\"-1\"><i title=\"Expand\">Expand<\/i><\/a>\n<p>The Parc Saint-Matthew station has been back in service since this morning. To locate it on the network, visit the <a href=\"https:\/\/aveloquebec.ca\/en\/stations\/\">Stations page<\/a>. <\/p>\n\t\t\t\t\t<a href=\"#\" id=\"fl-accordion--label-22\" tabindex=\"0\" aria-controls=\"fl-accordion--panel-22\">June 2, 2026: Parc Saint-Matthew &#8211; Temporary closure<\/a>\n\t\t\t\t\t\t\t\t\t\t\t<a href=\"#\" id=\"fl-accordion--icon-22\" tabindex=\"-1\"><i title=\"Expand\">Expand<\/i><\/a>\n\t\t\t\t\t<p>Due to construction work at the Claire-Martin Library, the Parc Saint-Matthew station will be temporarily closed on June 2 starting at 7 a.m.<\/p>\n<p>&nbsp;<\/p>\n<p>The reopening date will be announced on the Network Info page. To find nearby stations in the meantime, visit the <a href=\"https:\/\/aveloquebec.ca\/en\/stations\/\">Stations page<\/a>.<\/p>\n\t\t\t\t\t<a href=\"#\" id=\"fl-accordion--label-23\" tabindex=\"0\" aria-controls=\"fl-accordion--panel-23\">May 29, 2026: Relocation of the C\u00e9gep Limoilou &#8211; Charlesbourg station<\/a>\n\t\t\t\t\t\t\t\t\t\t\t<a href=\"#\" id=\"fl-accordion--icon-23\" tabindex=\"-1\"><i title=\"Expand\">Expand<\/i><\/a>\n<p>The C\u00e9gep Limoilou &#8211; Charlesbourg station will be relocated during the day on May 29. It will be situated in the parking lot on the side of the C\u00e9gep, near door 2 (Montaigne Hall). The station will remain at this location at least until the Fall. To locate it on the network, visit the <a href=\"https:\/\/aveloquebec.ca\/en\/stations\/\">Stations page<\/a>. <\/p>\n\t\t\t\t\t<a href=\"#\" id=\"fl-accordion--label-24\" tabindex=\"0\" aria-controls=\"fl-accordion--panel-24\">May 29, 2026: 3e Avenue \/ 8e Rue station &#8211; Temporary closure<\/a>\n\t\t\t\t\t\t\t\t\t\t\t<a href=\"#\" id=\"fl-accordion--icon-24\" tabindex=\"-1\"><i title=\"Expand\">Expand<\/i><\/a>\n\t\t\t\t\t<p>Due to roadwork, the 3e Avenue \/ 8e Rue station will be temporarily closed starting the afternoon of May 29. It will be back in service as soon as possible.<\/p>\n<p>&nbsp;<\/p>\n<p>The reopening date will be announced on the Network Info page. To find nearby stations in the meantime, visit the <a href=\"https:\/\/aveloquebec.ca\/en\/stations\/\">Stations page<\/a>.<\/p>\n\t\t\t\t\t<a href=\"#\" id=\"fl-accordion--label-25\" tabindex=\"0\" aria-controls=\"fl-accordion--panel-25\">May 20, 2026: Opening of the De la Canardi\u00e8re \/ 4e Avenue station<\/a>\n\t\t\t\t\t\t\t\t\t\t\t<a href=\"#\" id=\"fl-accordion--icon-25\" tabindex=\"-1\"><i title=\"Expand\">Expand<\/i><\/a>\n<p>The De la Canardi\u00e8re \/ 4e Avenue Station is now in service. To locate it on the network, visit the <a href=\"https:\/\/aveloquebec.ca\/en\/stations\/\">Stations page<\/a>. <\/p>\n\t\t\t\t\t<a href=\"#\" id=\"fl-accordion--label-26\" tabindex=\"0\" aria-controls=\"fl-accordion--panel-26\">May 14, 2026: Opening of the Henri-Bourassa \/ Des Cheminots station<\/a>\n\t\t\t\t\t\t\t\t\t\t\t<a href=\"#\" id=\"fl-accordion--icon-26\" tabindex=\"-1\"><i title=\"Expand\">Expand<\/i><\/a>\n<p>The Henri-Bourassa \/ Des Cheminots Station is now in service. To locate it on the network, visit the <a href=\"https:\/\/aveloquebec.ca\/en\/stations\/\">Stations page<\/a>. <\/p>\n\t\t\t\t\t<a href=\"#\" id=\"fl-accordion--label-27\" tabindex=\"0\" aria-controls=\"fl-accordion--panel-27\">May 13, 2026: Opening of the Parc Montmorency station<\/a>\n\t\t\t\t\t\t\t\t\t\t\t<a href=\"#\" id=\"fl-accordion--icon-27\" tabindex=\"-1\"><i title=\"Expand\">Expand<\/i><\/a>\n<p>The Parc Montmorency Station is now in service. To locate it on the network, visit the <a href=\"https:\/\/aveloquebec.ca\/en\/stations\/\">Stations page<\/a>. <\/p>\n\t\t\t\t\t<a href=\"#\" id=\"fl-accordion--label-28\" tabindex=\"0\" aria-controls=\"fl-accordion--panel-28\">May 13, 2026: Relocation of the De la P\u00e9rade \/ B\u00e9gon station<\/a>\n\t\t\t\t\t\t\t\t\t\t\t<a href=\"#\" id=\"fl-accordion--icon-28\" tabindex=\"-1\"><i title=\"Expand\">Expand<\/i><\/a>\n<p>Correction : De la P\u00e9rade \/ B\u00e9gon station will be relocated during the day on May 13 due to major work taking place near the station. It will be moved farther west on De la P\u00e9rade Street, behind the Maxi supermarket. To locate it on the network, visit the <a href=\"https:\/\/aveloquebec.ca\/en\/stations\/\">Stations page<\/a>. <\/p>\n\t\t\t\t\t<a href=\"#\" id=\"fl-accordion--label-29\" tabindex=\"0\" aria-controls=\"fl-accordion--panel-29\">May 12, 2026: Opening of the De la C\u00f4te Station<\/a>\n\t\t\t\t\t\t\t\t\t\t\t<a href=\"#\" id=\"fl-accordion--icon-29\" tabindex=\"-1\"><i title=\"Expand\">Expand<\/i><\/a>\n<p>De la C\u00f4te Station is now in service. To locate it on the network, visit the <a href=\"https:\/\/aveloquebec.ca\/en\/stations\/\">Stations page<\/a>. <\/p>\n\t\t\t\t\t<a href=\"#\" id=\"fl-accordion--label-30\" tabindex=\"0\" aria-controls=\"fl-accordion--panel-30\">May 6, 2026: Reopening of Saint-Joseph \/ Caron Station<\/a>\n\t\t\t\t\t\t\t\t\t\t\t<a href=\"#\" id=\"fl-accordion--icon-30\" tabindex=\"-1\"><i title=\"Expand\">Expand<\/i><\/a>\n<p>The Saint-Joseph \/ Caron station has been back in service since this morning. To locate it on the network, visit the <a href=\"https:\/\/aveloquebec.ca\/en\/stations\/\">Stations page<\/a>. <\/p>\n\t\t\t\t\t<a href=\"#\" id=\"fl-accordion--label-31\" tabindex=\"0\" aria-controls=\"fl-accordion--panel-31\">May 4, 2026: Opening of Parc de la Chute-Montmorency Station<\/a>\n\t\t\t\t\t\t\t\t\t\t\t<a href=\"#\" id=\"fl-accordion--icon-31\" tabindex=\"-1\"><i title=\"Expand\">Expand<\/i><\/a>\n<p>Parc de la Chute-Montmorency Station is now in service. Check the <a href=\"https:\/\/aveloquebec.ca\/en\/stations\/\">interactive map<\/a> to locate it.<\/p>\n\t\t\t\t\t<a href=\"#\" id=\"fl-accordion--label-32\" tabindex=\"0\" aria-controls=\"fl-accordion--panel-32\">May 1st, 2026: The regular season begins today!<\/a>\n\t\t\t\t\t\t\t\t\t\t\t<a href=\"#\" id=\"fl-accordion--icon-32\" tabindex=\"-1\"><i title=\"Expand\">Expand<\/i><\/a>\n\t\t\t\t\t<p>The regular season begins May 1st. Almost all of our planned stations for the season are now in service. The following stations are delayed due to nearby construction or obstacles and will be put into service as soon as possible:<\/p>\n<p>&nbsp;<\/p>\n<ul>\n<li>De la Canardi\u00e8re \/ 4e Avenue<\/li>\n<li>Georges-Cloutier \/ Des Cheminots<\/li>\n<li>Henri-Bourassa \/ Des Cheminots<\/li>\n<li>Parc de la Chute-Montmorency<\/li>\n<li>Parc Montmorency<\/li>\n<li>Parc Richelieu<\/li>\n<li>Station de la C\u00f4te<\/li>\n<li>Traverse<\/li>\n<li>Wilfrid-Laurier \/ Galipeault<\/li>\n<\/ul>\n<p>&nbsp;<\/p>\n<p>Visit the Network Info page to stay informed about their opening, or visit the <a href=\"https:\/\/aveloquebec.ca\/en\/stations\/\">Stations page<\/a> to locate other available stations nearby.<\/p>\n\t\t\t\t\t<a href=\"#\" id=\"fl-accordion--label-33\" tabindex=\"0\" aria-controls=\"fl-accordion--panel-33\">April 21, 2026: Saint\u2011Joseph \/ Caron station &#8211; Temporary closure<\/a>\n\t\t\t\t\t\t\t\t\t\t\t<a href=\"#\" id=\"fl-accordion--icon-33\" tabindex=\"-1\"><i title=\"Expand\">Expand<\/i><\/a>\n\t\t\t\t\t<p>Due to unexpected roadwork, the Saint\u2011Joseph \/ Caron station will be temporarily closed starting late in the day on April 21. It will be back in service as soon as possible.<\/p>\n<p>&nbsp;<\/p>\n<p>The reopening date will be announced on the Network Info page. To find nearby stations in the meantime, visit the <a href=\"https:\/\/aveloquebec.ca\/en\/stations\/\">Stations page<\/a>.<\/p>\n\t\t\t\t\t<a href=\"#\" id=\"fl-accordion--label-34\" tabindex=\"0\" aria-controls=\"fl-accordion--panel-34\">April 15, 2026: The 2026 season is now underway!<\/a>\n\t\t\t\t\t\t\t\t\t\t\t<a href=\"#\" id=\"fl-accordion--icon-34\" tabindex=\"-1\"><i title=\"Expand\">Expand<\/i><\/a>\n\t\t\t\t\t<p><!--StartFragment --><\/p>\n<p>In response to growing demand from our users, \u00e0V\u00e9lo is kicking off the 2026 season earlier than planned!<\/p>\n<p>&nbsp;<\/p>\n<p>Starting April 15, 60 stations and 600 bikes will be available. Then, the network will be gradually enhanced with the addition of new stations each day until May 1 to reach 225 stations and 2,300 bikes. We remind you that the extended season from April 15 to 30 is subject to change depending on weather conditions. For more details, visit the page on the <a href=\"https:\/\/aveloquebec.ca\/en\/extension\/\">extended season<\/a>.<\/p>\n<p>&nbsp;<\/p>\n<p>To stay informed about stations opening and get real\u2011time information on stations status, visit the <a href=\"https:\/\/aveloquebec.ca\/en\/stations\/\">Stations<\/a> page.<\/p>\n<p><!--EndFragment --><\/p>\n\t\t\t\t\t<a href=\"#\" id=\"fl-accordion--label-35\" tabindex=\"0\" aria-controls=\"fl-accordion--panel-35\">April 14, 2026:\u00a0You can now purchase your subscription online!<\/a>\n\t\t\t\t\t\t\t\t\t\t\t<a href=\"#\" id=\"fl-accordion--icon-35\" tabindex=\"-1\"><i title=\"Expand\">Expand<\/i><\/a>\n\t\t\t\t\t<p><!--StartFragment --><\/p>\n<p>To buy a 30\u2011day or annual membership, visit the <a href=\"https:\/\/aveloquebec.ca\/en\/pricing\/\">Pricing<\/a> page.<\/p>\n<p>&nbsp;<\/p>\n<p>You will be able to purchase a per\u2011minute single ride pass or a 24\u2011hour multi\u2011trip pass starting April 15 once the network is open.<\/p>\n<p><!--EndFragment --><\/p>\n\t\t\t\t\t<a href=\"#\" id=\"fl-accordion--label-36\" tabindex=\"0\" aria-controls=\"fl-accordion--panel-36\">March 15, 2026:\u00a0The 2026 season begins in one month!<\/a>\n\t\t\t\t\t\t\t\t\t\t\t<a href=\"#\" id=\"fl-accordion--icon-36\" tabindex=\"-1\"><i title=\"Expand\">Expand<\/i><\/a>\n\t\t\t\t\t<p><!--StartFragment --><\/p>\n<p>We&#8217;ll be back on April 15!<\/p>\n<p>&nbsp;<\/p>\n<p>Starting on that date, 60 stations and 600 bikes will be available. Then, as of May 1st, you&#8217;ll have access to 225 stations and 2,300 bikes.<\/p>\n<p>&nbsp;<\/p>\n<p>Keep an eye on the <a href=\"https:\/\/aveloquebec.ca\/en\/stations\/\">interactive map<\/a> to know when they become available, or check back on the Network Info page.<\/p>\n<p>&nbsp;<\/p>\n<p>&nbsp;<\/p>\n<p><!--EndFragment --><\/p>\n\n","protected":false},"excerpt":{"rendered":"<p>Network Info Plan your trips by staying informed of temporary or extended service changes. &nbsp; Note : This page is updated by our teams when work is scheduled on the network, and the information published here is subject to change. For real\u2011time information, we invite you to consult the station map. August 28, 2026: Relocation of ULaval &#8211; Charles-De Koninck station Expand The ULaval &#8211; Charles-De Koninck station will be<\/p>\n<div class=\"readmore\"><a href=\"https:\/\/aveloquebec.ca\/en\/network-info\/\" class=\"blueBtn\" >Read more<\/a><\/div>\n","protected":false},"author":14,"featured_media":0,"parent":0,"menu_order":0,"comment_status":"closed","ping_status":"closed","template":"","meta":{"_acf_changed":false,"footnotes":""},"class_list":["post-7681","page","type-page","status-publish","hentry"],"acf":[],"_links":{"self":[{"href":"https:\/\/aveloquebec.ca\/en\/wp-json\/wp\/v2\/pages\/7681","targetHints":{"allow":["GET"]}}],"collection":[{"href":"https:\/\/aveloquebec.ca\/en\/wp-json\/wp\/v2\/pages"}],"about":[{"href":"https:\/\/aveloquebec.ca\/en\/wp-json\/wp\/v2\/types\/page"}],"author":[{"embeddable":true,"href":"https:\/\/aveloquebec.ca\/en\/wp-json\/wp\/v2\/users\/14"}],"replies":[{"embeddable":true,"href":"https:\/\/aveloquebec.ca\/en\/wp-json\/wp\/v2\/comments?post=7681"}],"version-history":[{"count":186,"href":"https:\/\/aveloquebec.ca\/en\/wp-json\/wp\/v2\/pages\/7681\/revisions"}],"predecessor-version":[{"id":10491,"href":"https:\/\/aveloquebec.ca\/en\/wp-json\/wp\/v2\/pages\/7681\/revisions\/10491"}],"wp:attachment":[{"href":"https:\/\/aveloquebec.ca\/en\/wp-json\/wp\/v2\/media?parent=7681"}],"curies":[{"name":"wp","href":"https:\/\/api.w.org\/{rel}","templated":true}]}}